{"id":86,"date":"2012-06-04T07:35:59","date_gmt":"2012-06-04T07:35:59","guid":{"rendered":"http:\/\/lama.fileli.unipi.it\/?page_id=86"},"modified":"2025-10-23T15:57:43","modified_gmt":"2025-10-23T14:57:43","slug":"home-2","status":"publish","type":"page","link":"https:\/\/lama.fileli.unipi.it\/en\/","title":{"rendered":"Laboratorio di Antropologia del Mondo Antico &#8211; Universit\u00e0 di Pisa"},"content":{"rendered":"<div id=\"metaslider-id-5988\" style=\"max-width: 650px; margin: 0 auto;\" class=\"ml-slider-3-97-0 metaslider metaslider-flex metaslider-5988 ml-slider ms-theme-simply-dark has-dots-nav\" role=\"region\" aria-roledescription=\"Slideshow\" aria-label=\"Home Slideshow\" data-width=\"650\">\n    <div id=\"metaslider_container_5988\">\n        <div id=\"metaslider_5988\">\n            <ul class='slides'>\n                <li style=\"display: block; width: 100%;\" class=\"slide-9174 ms-image \" aria-roledescription=\"slide\" aria-label=\"slide-9174\" data-date=\"2026-04-11 17:08:50\"><a href=\"https:\/\/lama.fileli.unipi.it\/13-aprile-2026-h-1500-yasunori-kasai-e-miku-sueyoshi-teaching-classics-in-japan\/\" target=\"_self\" class=\"metaslider_image_link\"><img loading=\"lazy\" decoding=\"async\" src=\"https:\/\/lama.fileli.unipi.it\/wp-content\/uploads\/2026\/04\/Screenshot-2026-04-11-174108-650x250.jpg\" height=\"250\" width=\"650\" alt=\"\" class=\"slider-5988 slide-9174\" title=\"Screenshot 2026-04-11 174108\" \/><\/a><div class=\"caption-wrap\"><div class=\"caption\"><div>13 aprile 2026, h. 15: Yasunori Kasai e Miku Sueyoshi, Teaching Classics in Japan<\/div><\/div><\/div><\/li>\n                <li style=\"display: none; width: 100%;\" class=\"slide-9173 ms-image \" aria-roledescription=\"slide\" aria-label=\"slide-9173\" data-date=\"2026-04-11 17:07:08\"><a href=\"https:\/\/lama.fileli.unipi.it\/25-marzo-2026-h-1500-sonny-wyburgh-polivalenze-genealogiche-il-prometeo-attico-tra-culto-e-teatro\/\" target=\"_self\" class=\"metaslider_image_link\"><img loading=\"lazy\" decoding=\"async\" src=\"https:\/\/lama.fileli.unipi.it\/wp-content\/uploads\/2026\/04\/img-1-650x250.jpg\" height=\"250\" width=\"650\" alt=\"\" class=\"slider-5988 slide-9173\" title=\"img-1\" \/><\/a><div class=\"caption-wrap\"><div class=\"caption\"><div>25 marzo 2026, h. 15: Sonny Wyburgh, Polivalenze genealogiche. Il Prometeo attico tra culto e teatro<\/div><\/div><\/div><\/li>\n                <li style=\"display: none; width: 100%;\" class=\"slide-9116 ms-image \" aria-roledescription=\"slide\" aria-label=\"slide-9116\" data-date=\"2025-11-28 16:23:15\"><a href=\"https:\/\/lama.fileli.unipi.it\/1-dicembre-2025-h-15-carlamaria-lucci-studiare-lo-spazio-nellepica-greca-arcaica-riflessioni-ed-esempi\/\" target=\"_self\" class=\"metaslider_image_link\"><img loading=\"lazy\" decoding=\"async\" src=\"https:\/\/lama.fileli.unipi.it\/wp-content\/uploads\/2025\/11\/Calydon_Aetolia_2010-scaled-650x250.jpg\" height=\"250\" width=\"650\" alt=\"\" class=\"slider-5988 slide-9116\" title=\"Calydon_Aetolia_2010\" \/><\/a><div class=\"caption-wrap\"><div class=\"caption\"><div>1 dicembre 2025, h. 15: Carlamaria Lucci, Studiare lo spazio nell'epica greca arcaica. Riflessioni ed esempi<\/div><\/div><\/div><\/li>\n                <li style=\"display: none; width: 100%;\" class=\"slide-9099 ms-image \" aria-roledescription=\"slide\" aria-label=\"slide-9099\" data-date=\"2025-10-22 09:34:22\"><a href=\"https:\/\/lama.fileli.unipi.it\/27-ottobre-2025-h-15-stefano-caciagli-la-societa-aristocratica-di-lesbo-e-la-poesia-saffica\/\" target=\"_self\" class=\"metaslider_image_link\"><img loading=\"lazy\" decoding=\"async\" src=\"https:\/\/lama.fileli.unipi.it\/wp-content\/uploads\/2025\/10\/image-650x250.jpeg\" height=\"250\" width=\"650\" alt=\"\" class=\"slider-5988 slide-9099\" title=\"image\" \/><\/a><div class=\"caption-wrap\"><div class=\"caption\">27 ottobre 2025, h. 15: Stefano Caciagli, La societ\u00e0 aristocratica di Lesbo e la poesia saffica<\/div><\/div><\/li>\n                <li style=\"display: none; width: 100%;\" class=\"slide-9091 ms-image \" aria-roledescription=\"slide\" aria-label=\"slide-9091\" data-date=\"2025-09-20 08:57:02\"><a href=\"https:\/\/lama.fileli.unipi.it\/24-settembre-2025-riccardo-di-donato-antropologia-dellantico-il-nome-e-la-cosa\/\" target=\"_self\" class=\"metaslider_image_link\"><img loading=\"lazy\" decoding=\"async\" src=\"https:\/\/lama.fileli.unipi.it\/wp-content\/uploads\/2025\/09\/Screenshot-2025-09-19-192157-650x250.png\" height=\"250\" width=\"650\" alt=\"\" class=\"slider-5988 slide-9091\" title=\"Screenshot 2025-09-19 192157\" \/><\/a><div class=\"caption-wrap\"><div class=\"caption\"><div>24 settembre 2025, h. 10: Riccardo Di Donato, Antropologia dell'antico. Il nome e la cosa.<\/div><\/div><\/div><\/li>\n                <li style=\"display: none; width: 100%;\" class=\"slide-9079 ms-image \" aria-roledescription=\"slide\" aria-label=\"slide-9079\" data-date=\"2025-05-15 11:37:12\"><a href=\"https:\/\/lama.fileli.unipi.it\/22-maggio-2205-fabrizio-gaetano-geografia-e-civilta-in-asia-minore\/\" target=\"_self\" class=\"metaslider_image_link\"><img loading=\"lazy\" decoding=\"async\" src=\"https:\/\/lama.fileli.unipi.it\/wp-content\/uploads\/2025\/05\/Mappa-ecumene-erodotea-copia-scaled-650x250.jpg\" height=\"250\" width=\"650\" alt=\"\" class=\"slider-5988 slide-9079\" title=\"Mappa ecumene erodotea copia\" \/><\/a><div class=\"caption-wrap\"><div class=\"caption\">22 maggio 2025, h. 15: Fabrizio Gaetano: Geografia e civilt\u00e0 in Asia Minore<\/div><\/div><\/li>\n                <li style=\"display: none; width: 100%;\" class=\"slide-9072 ms-image \" aria-roledescription=\"slide\" aria-label=\"slide-9072\" data-date=\"2025-04-26 11:15:25\"><a href=\"https:\/\/lama.fileli.unipi.it\/29-aprile-2025-sara-vassalle-saffo-azioni-sacre-contesti-rituali-una-prospettiva-storico-antropologica\/\" target=\"_self\" class=\"metaslider_image_link\"><img loading=\"lazy\" decoding=\"async\" src=\"https:\/\/lama.fileli.unipi.it\/wp-content\/uploads\/2025\/04\/image001-650x250.jpg\" height=\"250\" width=\"650\" alt=\"\" class=\"slider-5988 slide-9072\" title=\"image001\" \/><\/a><div class=\"caption-wrap\"><div class=\"caption\"><div>29 aprile 2025, h 15: Sara Vassalle, Saffo, azioni sacre, contesti rituali: una prospettiva storico-antropologica.<\/div><\/div><\/div><\/li>\n                <li style=\"display: none; width: 100%;\" class=\"slide-9052 ms-image \" aria-roledescription=\"slide\" aria-label=\"slide-9052\" data-date=\"2025-03-19 14:21:57\"><a href=\"https:\/\/lama.fileli.unipi.it\/24-marzo-2925-gunnel-ekroth-eating-with-the-gods-preparation-and-consumption-of-food-and-the-use-of-greek-sanctuary-space\/\" target=\"_self\" class=\"metaslider_image_link\"><img loading=\"lazy\" decoding=\"async\" src=\"https:\/\/lama.fileli.unipi.it\/wp-content\/uploads\/2025\/03\/Immagine-Locandina-Ekroth.jpg-scaled-650x250.jpeg\" height=\"250\" width=\"650\" alt=\"\" class=\"slider-5988 slide-9052\" title=\"Immagine Locandina Ekroth.jpg\" \/><\/a><div class=\"caption-wrap\"><div class=\"caption\">24 marzo 2025, h 15: Gunnel Ekroth, Eating with the gods? Preparation and consumption of food,\nand the use of Greek Sanctuary Space.<\/div><\/div><\/li>\n                <li style=\"display: none; width: 100%;\" class=\"slide-9044 ms-image \" aria-roledescription=\"slide\" aria-label=\"slide-9044\" data-date=\"2025-02-13 10:58:13\"><a href=\"https:\/\/lama.fileli.unipi.it\/9039-2\/\" target=\"_self\" class=\"metaslider_image_link\"><img loading=\"lazy\" decoding=\"async\" src=\"https:\/\/lama.fileli.unipi.it\/wp-content\/uploads\/2025\/02\/download-213x81.jpg\" height=\"250\" width=\"650\" alt=\"\" class=\"slider-5988 slide-9044\" title=\"download\" \/><\/a><div class=\"caption-wrap\"><div class=\"caption\">18 febbraio 2025, h. 15: Franco Giorgianni, Sulle tracce di Proteo: memoria tecnica e tecnica della memoria nel IV dell'Odissea<\/div><\/div><\/li>\n                <li style=\"display: none; width: 100%;\" class=\"slide-9036 ms-image \" aria-roledescription=\"slide\" aria-label=\"slide-9036\" data-date=\"2025-01-08 14:56:48\"><a href=\"https:\/\/lama.fileli.unipi.it\/14-gennaio-2025-carlamaria-lucci-la-caduta-di-troia-fra-testi-e-immagini-antichi-unesperienza-didattica-nella-svizzera-francese\/\" target=\"_self\" class=\"metaslider_image_link\"><img loading=\"lazy\" decoding=\"async\" src=\"https:\/\/lama.fileli.unipi.it\/wp-content\/uploads\/2025\/01\/image001-521x200.jpg\" height=\"250\" width=\"650\" alt=\"\" class=\"slider-5988 slide-9036\" title=\"image001\" \/><\/a><div class=\"caption-wrap\"><div class=\"caption\">14 gennaio 2025, h. 15: Carlamaria Lucci, La caduta di Troia fra testi e immagini antichi. Un\u2019esperienza didattica nella Svizzera francese<\/div><\/div><\/li>\n                <li style=\"display: none; width: 100%;\" class=\"slide-9024 ms-image \" aria-roledescription=\"slide\" aria-label=\"slide-9024\" data-date=\"2024-12-09 15:26:52\"><a href=\"https:\/\/lama.fileli.unipi.it\/11-dicembre-2024-andrea-ercolani-cantori-ciechi-e-poeti-itineranti-antropologia-della-cecita-nella-letteratura-greca\/\" target=\"_self\" class=\"metaslider_image_link\"><img loading=\"lazy\" decoding=\"async\" src=\"https:\/\/lama.fileli.unipi.it\/wp-content\/uploads\/2024\/12\/Immagine2-187x71.jpg\" height=\"250\" width=\"650\" alt=\"\" class=\"slider-5988 slide-9024\" title=\"Immagine2\" \/><\/a><div class=\"caption-wrap\"><div class=\"caption\"><div>11 dicembre 2024, Andrea Ercolani: Cantori ciechi e poeti itineranti. Antropologia della cecit\u00e0 nella letteratura greca<\/div><\/div><\/div><\/li>\n                <li style=\"display: none; width: 100%;\" class=\"slide-9010 ms-image \" aria-roledescription=\"slide\" aria-label=\"slide-9010\" data-date=\"2024-12-04 13:29:27\"><a href=\"https:\/\/lama.fileli.unipi.it\/9-dicembre-2024-riccardo-palmisciano-piangere-un-eroe-sulla-scena-tragica-coefore-ma-non-solo\/\" target=\"_self\" class=\"metaslider_image_link\"><img loading=\"lazy\" decoding=\"async\" src=\"https:\/\/lama.fileli.unipi.it\/wp-content\/uploads\/2024\/12\/Immagine1-357x137.jpg\" height=\"250\" width=\"650\" alt=\"\" class=\"slider-5988 slide-9010\" title=\"Immagine1\" \/><\/a><div class=\"caption-wrap\"><div class=\"caption\"><div>9 dicembre 2024, Riccardo Palmisciano: Piangere un eroe sulla scena tragica (<em>Coefore<\/em>, ma non solo)<\/div><\/div><\/div><\/li>\n                <li style=\"display: none; width: 100%;\" class=\"slide-8995 ms-image \" aria-roledescription=\"slide\" aria-label=\"slide-8995\" data-date=\"2024-11-16 15:30:10\"><a href=\"https:\/\/lama.fileli.unipi.it\/20-novembre-2024-h-15-corinne-bonnet-onomastica-divina-e-cosmic-polity-riflessione-sullagire-degli-dei\/\" target=\"_self\" class=\"metaslider_image_link\"><img loading=\"lazy\" decoding=\"async\" src=\"https:\/\/lama.fileli.unipi.it\/wp-content\/uploads\/2024\/11\/Senza-titolo-295x113.png\" height=\"250\" width=\"650\" alt=\"\" class=\"slider-5988 slide-8995\" \/><\/a><div class=\"caption-wrap\"><div class=\"caption\">20 novembre 2024, h. 15: Corinne Bonnet, Onomastica divina e cosmic polity: riflessione sull\u2019agire degli d\u00e8i<\/div><\/div><\/li>\n                <li style=\"display: none; width: 100%;\" class=\"slide-8987 ms-image \" aria-roledescription=\"slide\" aria-label=\"slide-8987\" data-date=\"2024-10-17 14:30:59\"><a href=\"https:\/\/lama.fileli.unipi.it\/14-16-ottobre-2024-convegno-dottorale-il-dialogo-forma-conoscitiva-genere-autonomo-verona\/\" target=\"_self\" class=\"metaslider_image_link\"><img loading=\"lazy\" decoding=\"async\" src=\"https:\/\/lama.fileli.unipi.it\/wp-content\/uploads\/2024\/10\/Screenshot-2024-10-17-152904-650x250.png\" height=\"250\" width=\"650\" alt=\"\" class=\"slider-5988 slide-8987\" title=\"Screenshot 2024-10-17 152904\" \/><\/a><div class=\"caption-wrap\"><div class=\"caption\"><div>14-16 ottobre 2024: Convegno dottorale \"Il dialogo. Forma conoscitiva, genere autonomo\" (Verona).<\/div><\/div><\/div><\/li>\n                <li style=\"display: none; width: 100%;\" class=\"slide-8980 ms-image \" aria-roledescription=\"slide\" aria-label=\"slide-8980\" data-date=\"2024-10-13 22:08:05\"><a href=\"https:\/\/lama.fileli.unipi.it\/14-ottobre-h-15-riccardo-di-donato-entre-mythes-et-sacrifice-due-libri-postumi-di-j-l-durand\/\" target=\"_self\" class=\"metaslider_image_link\"><img loading=\"lazy\" decoding=\"async\" src=\"https:\/\/lama.fileli.unipi.it\/wp-content\/uploads\/2024\/10\/Screenshot-2024-10-13-230622-650x250.png\" height=\"250\" width=\"650\" alt=\"\" class=\"slider-5988 slide-8980\" title=\"Screenshot 2024-10-13 230622\" \/><\/a><div class=\"caption-wrap\"><div class=\"caption\"><div>14 ottobre 2024, Riccardo Di Donato: Entre mythes et sacrifice: due libri postumi di J.-L. Durand.<\/div><\/div><\/div><\/li>\n                <li style=\"display: none; width: 100%;\" class=\"slide-8933 ms-image \" aria-roledescription=\"slide\" aria-label=\"slide-8933\" data-date=\"2024-10-07 17:06:27\"><a href=\"https:\/\/lama.fileli.unipi.it\/seminari-2024-2025-xvii-ciclo\/\" target=\"_self\" class=\"metaslider_image_link\"><img loading=\"lazy\" decoding=\"async\" src=\"https:\/\/lama.fileli.unipi.it\/wp-content\/uploads\/2024\/10\/tinywow_Seminari-2024_2025_66353403_1-650x250.jpg\" height=\"250\" width=\"650\" alt=\"\" class=\"slider-5988 slide-8933\" title=\"Calendario seminari 2024-2025\" \/><\/a><div class=\"caption-wrap\"><div class=\"caption\">Calendario seminari 2024-2025<\/div><\/div><\/li>\n                <li style=\"display: none; width: 100%;\" class=\"slide-8923 ms-image \" aria-roledescription=\"slide\" aria-label=\"slide-8923\" data-date=\"2024-09-23 15:27:27\"><a href=\"https:\/\/lama.fileli.unipi.it\/greek-sacrifice-through-different-lenses-towards-interdisciplinary-paths\/\" target=\"_self\" class=\"metaslider_image_link\"><img loading=\"lazy\" decoding=\"async\" src=\"https:\/\/lama.fileli.unipi.it\/wp-content\/uploads\/2024\/09\/tinywow_Greek-sacrifice-through-different-lenses-workshop_65316778_1-scaled-650x250.jpg\" height=\"250\" width=\"650\" alt=\"\" class=\"slider-5988 slide-8923\" title=\"Greek sacrifice through different lenses workshop_65316778_1\" \/><\/a><div class=\"caption-wrap\"><div class=\"caption\">25 Settembre 2024: Greek sacrifice through different lenses <\/div><\/div><\/li>\n                <li style=\"display: none; width: 100%;\" class=\"slide-8894 ms-image \" aria-roledescription=\"slide\" aria-label=\"slide-8894\" data-date=\"2024-05-12 12:07:13\"><a href=\"https:\/\/lama.fileli.unipi.it\/14-maggio-2024-f-lepori-why-does-zeus-care-about-burnt-thighbones-only-burnt-animal-bones-at-thysia-sacrifice-between-the-homeric-poems-and-zooarchaeological-evidence-from-the-late-bronze-age-and\/\" target=\"_self\" class=\"metaslider_image_link\"><img loading=\"lazy\" decoding=\"async\" src=\"https:\/\/lama.fileli.unipi.it\/wp-content\/uploads\/2024\/05\/agrs_20240514_lepori-650x250.jpg\" height=\"250\" width=\"650\" alt=\"\" class=\"slider-5988 slide-8894\" title=\"agrs_20240514_lepori\" \/><\/a><div class=\"caption-wrap\"><div class=\"caption\"><div>14 maggio 2024, Filippo Lepori: Why Does Zeus Care About Burnt Thighbones Only? Burnt Animal Bones at Thysia Sacrifice Between the Homeric Poems and Zooarchaeological Evidence from the Late Bronze Age and Early Iron Age (Atene, Swedish Institute at Athens)<\/div><\/div><\/div><\/li>\n                <li style=\"display: none; width: 100%;\" class=\"slide-8882 ms-image \" aria-roledescription=\"slide\" aria-label=\"slide-8882\" data-date=\"2024-04-16 21:13:06\"><a href=\"https:\/\/lama.fileli.unipi.it\/23-aprile-2024-h-15-giampaolo-galvani-tragedia-e-generi-lirico-corali\/\" target=\"_self\" class=\"metaslider_image_link\"><img loading=\"lazy\" decoding=\"async\" src=\"https:\/\/lama.fileli.unipi.it\/wp-content\/uploads\/2024\/04\/2-650x250.jpeg\" height=\"250\" width=\"650\" alt=\"\" class=\"slider-5988 slide-8882\" title=\"2\" \/><\/a><div class=\"caption-wrap\"><div class=\"caption\">23 aprile 2024, Giampaolo Galvani: Tragedia e generi lirico-corali<\/div><\/div><\/li>\n                <li style=\"display: none; width: 100%;\" class=\"slide-8873 ms-image \" aria-roledescription=\"slide\" aria-label=\"slide-8873\" data-date=\"2024-04-03 13:48:15\"><a href=\"https:\/\/lama.fileli.unipi.it\/8-aprile-2024-h-15-gianfranco-agosti-un-capro-espiatorio-dionisiaco-in-eta-imperiale\/\" target=\"_self\" class=\"metaslider_image_link\"><img loading=\"lazy\" decoding=\"async\" src=\"https:\/\/lama.fileli.unipi.it\/wp-content\/uploads\/2024\/04\/d10c1-3354ad_4761ff5145947072940a69a1a772b484_512-400x153.jpeg\" height=\"250\" width=\"650\" alt=\"\" class=\"slider-5988 slide-8873\" title=\"d10c1-3354ad_4761ff5145947072940a69a1a772b484_512\" \/><\/a><div class=\"caption-wrap\"><div class=\"caption\">8 aprile 2024, Gianfranco Agosti: Un capro espiatorio dionisiaco in et\u00e0 imperiale<\/div><\/div><\/li>\n                <li style=\"display: none; width: 100%;\" class=\"slide-8831 ms-image \" aria-roledescription=\"slide\" aria-label=\"slide-8831\" data-date=\"2024-02-16 11:34:26\"><a href=\"https:\/\/lama.fileli.unipi.it\/21-febbraio-2024-h-15-giuseppe-lentini-il-linguaggio-di-achille-una-prospettiva-antropologica\/\" target=\"_self\" class=\"metaslider_image_link\"><img loading=\"lazy\" decoding=\"async\" src=\"https:\/\/lama.fileli.unipi.it\/wp-content\/uploads\/2024\/02\/37390224984_c03e0af69c_k-650x250.jpeg\" height=\"250\" width=\"650\" alt=\"\" class=\"slider-5988 slide-8831\" title=\"37390224984_c03e0af69c_k\" \/><\/a><div class=\"caption-wrap\"><div class=\"caption\">21 febbraio 2024,  Giuseppe Lentini: Il linguaggio di Achille: una prospettiva antropologica<\/div><\/div><\/li>\n                <li style=\"display: none; width: 100%;\" class=\"slide-8821 ms-image \" aria-roledescription=\"slide\" aria-label=\"slide-8821\" data-date=\"2024-02-02 08:51:30\"><a href=\"https:\/\/lama.fileli.unipi.it\/8-febbraio-2024-h-15-gherardo-ugolini-la-tragedia-greca-secondo-wilamowitz\/\" target=\"_self\" class=\"metaslider_image_link\"><img loading=\"lazy\" decoding=\"async\" src=\"https:\/\/lama.fileli.unipi.it\/wp-content\/uploads\/2024\/01\/Wilamowitz-3-650x250.jpeg\" height=\"250\" width=\"650\" alt=\"\" class=\"slider-5988 slide-8821\" title=\"Wilamowitz 3\" \/><\/a><div class=\"caption-wrap\"><div class=\"caption\">8 febbraio 2024, Gherardo Ugolini: La tragedia greca secondo Wilamowitz<\/div><\/div><\/li>\n                <li style=\"display: none; width: 100%;\" class=\"slide-8800 ms-image \" aria-roledescription=\"slide\" aria-label=\"slide-8800\" data-date=\"2023-12-08 18:40:02\"><a href=\"https:\/\/lama.fileli.unipi.it\/12-dicembre-2023-h-15-luca-fiamingo-fra-diritto-e-prediritto-lessico-della-vendetta-e-immaginario-della-ritorsione-nella-tragedia-greca\/\" target=\"_self\" class=\"metaslider_image_link\"><img loading=\"lazy\" decoding=\"async\" src=\"https:\/\/lama.fileli.unipi.it\/wp-content\/uploads\/2023\/12\/tinywow_Anfora-Medea-uccide-un-figlio_42552739_1-650x250.jpg\" height=\"250\" width=\"650\" alt=\"\" class=\"slider-5988 slide-8800\" title=\"tinywow_Anfora Medea uccide un figlio_42552739_1\" \/><\/a><div class=\"caption-wrap\"><div class=\"caption\"><div>12 dicembre 2023, Luca Fiamingo: Fra diritto e prediritto: lessico della vendetta e immaginario della ritorsione nella tragedia greca<\/div><\/div><\/div><\/li>\n                <li style=\"display: none; width: 100%;\" class=\"slide-8786 ms-image \" aria-roledescription=\"slide\" aria-label=\"slide-8786\" data-date=\"2023-11-24 16:12:06\"><a href=\"https:\/\/lama.fileli.unipi.it\/30-novembre-2023-h-15-mattia-boscarino-la-costruzione-dellidentita-delle-danaidi-nelle-supplici-di-eschilo\/\" target=\"_self\" class=\"metaslider_image_link\"><img loading=\"lazy\" decoding=\"async\" src=\"https:\/\/lama.fileli.unipi.it\/wp-content\/uploads\/2023\/11\/Boscarino-novembre-415x159.jpg\" height=\"250\" width=\"650\" alt=\"\" class=\"slider-5988 slide-8786\" title=\"Boscarino novembre\" \/><\/a><div class=\"caption-wrap\"><div class=\"caption\"><div>30 novembre 2023, Mattia Boscarino: La costruzione dell'identit\u00e0 delle Danaidi nelle Supplici di Eschilo<\/div><\/div><\/div><\/li>\n                <li style=\"display: none; width: 100%;\" class=\"slide-8762 ms-image \" aria-roledescription=\"slide\" aria-label=\"slide-8762\" data-date=\"2023-10-20 08:42:16\"><a href=\"https:\/\/lama.fileli.unipi.it\/25-ottobre-2023-h-15-riccardo-di-donato-storicita-del-pensiero-mitico\/\" target=\"_self\" class=\"metaslider_image_link\"><img loading=\"lazy\" decoding=\"async\" src=\"https:\/\/lama.fileli.unipi.it\/wp-content\/uploads\/2023\/10\/1057px-Eufronio_cratere_modellato_da_euxitheos_con_morte_di_sarpedone_520-510_ac_ca._dalla_necropoli_di_greppe_santangelo_01-650x250.jpg\" height=\"250\" width=\"650\" alt=\"\" class=\"slider-5988 slide-8762\" title=\"1057px-Eufronio,_cratere_modellato_da_euxitheos_con_morte_di_sarpedone,_520-510_ac_ca.,_dalla_necropoli_di_greppe_sant&#039;angelo_01\" \/><\/a><div class=\"caption-wrap\"><div class=\"caption\"><div>25 ottobre 2023, Riccardo Di Donato: Storicit\u00e0 del pensiero mitico.<\/div><\/div><\/div><\/li>\n                <li style=\"display: none; width: 100%;\" class=\"slide-8717 ms-image \" aria-roledescription=\"slide\" aria-label=\"slide-8717\" data-date=\"2023-06-17 17:02:33\"><a href=\"https:\/\/lama.fileli.unipi.it\/20-giugno-2023-yasunori-kasai-the-greeks-on-compromise-before-and-after-the-judgment-verdict-with-special-reference-to-platos-nomoi\/\" target=\"_self\" class=\"metaslider_image_link\"><img loading=\"lazy\" decoding=\"async\" src=\"https:\/\/lama.fileli.unipi.it\/wp-content\/uploads\/2023\/06\/download-343x131.jpg\" height=\"250\" width=\"650\" alt=\"\" class=\"slider-5988 slide-8717\" title=\"download\" \/><\/a><div class=\"caption-wrap\"><div class=\"caption\"><div>20 giugno 2023, Yasunori Kasai: The Greeks on Compromise. Before and After the Judgment (Verdict) with special reference to Plato\u2019s Nomoi<\/div><\/div><\/div><\/li>\n                <li style=\"display: none; width: 100%;\" class=\"slide-8709 ms-image \" aria-roledescription=\"slide\" aria-label=\"slide-8709\" data-date=\"2023-05-15 10:16:00\"><a href=\"https:\/\/lama.fileli.unipi.it\/17-maggio-2023-federico-aurora-t%ce%af-%cf%84%ce%b1%e1%bf%a6%cf%84%ce%b1-%ce%bb%ce%b7%cf%81%ce%b5%e1%bf%96%cf%82-riflessioni-e-spunti-di-ricerca-sulloralita-nella-didattica-del-greco\/\" target=\"_self\" class=\"metaslider_image_link\"><img loading=\"lazy\" decoding=\"async\" src=\"https:\/\/lama.fileli.unipi.it\/wp-content\/uploads\/2023\/05\/20230517-seminario-aurora-header-650x250.png\" height=\"250\" width=\"650\" alt=\"\" class=\"slider-5988 slide-8709\" title=\"20230517-seminario-aurora-header\" \/><\/a><div class=\"caption-wrap\"><div class=\"caption\"><div>17 maggio 2023, Federico Aurora: T\u03af \u03c4\u03b1\u1fe6\u03c4\u03b1 \u03bb\u03b7\u03c1\u03b5\u1fd6\u03c2; Riflessioni e spunti di ricerca sull\u2019oralit\u00e0 nella didattica del greco<\/div><\/div><\/div><\/li>\n                <li style=\"display: none; width: 100%;\" class=\"slide-8694 ms-image \" aria-roledescription=\"slide\" aria-label=\"slide-8694\" data-date=\"2023-05-02 18:25:59\"><a href=\"https:\/\/lama.fileli.unipi.it\/4-maggio-2023-lorestea-di-eschilo-giornata-di-studi-sul-teatro-greco-trento\/\" target=\"_self\" class=\"metaslider_image_link\"><img loading=\"lazy\" decoding=\"async\" src=\"https:\/\/lama.fileli.unipi.it\/wp-content\/uploads\/2023\/05\/Immagine-2023-05-02-192416-650x250.jpg\" height=\"250\" width=\"650\" alt=\"\" class=\"slider-5988 slide-8694\" title=\"Immagine 2023-05-02 192416\" \/><\/a><div class=\"caption-wrap\"><div class=\"caption\"><div>4 maggio 2023: L\u2019Orestea di Eschilo. Giornata di studi sul teatro greco (Trento)<\/div><\/div><\/div><\/li>\n                <li style=\"display: none; width: 100%;\" class=\"slide-8675 ms-image \" aria-roledescription=\"slide\" aria-label=\"slide-8675\" data-date=\"2023-04-14 10:14:48\"><a href=\"https:\/\/lama.fileli.unipi.it\/19-aprile-2023-nicola-cusumano-maschalismos-osservazioni-su-un-rituale-controverso\/\" target=\"_self\" class=\"metaslider_image_link\"><img loading=\"lazy\" decoding=\"async\" src=\"https:\/\/lama.fileli.unipi.it\/wp-content\/uploads\/2023\/04\/image001-1-650x250.jpg\" height=\"250\" width=\"650\" alt=\"\" class=\"slider-5988 slide-8675\" title=\"image001 (1)\" \/><\/a><div class=\"caption-wrap\"><div class=\"caption\"><div>19 aprile 2023, Nicola Cusumano: Maschalism\u00f2s, osservazioni su un rituale controverso<\/div><\/div><\/div><\/li>\n                <li style=\"display: none; width: 100%;\" class=\"slide-8668 ms-image \" aria-roledescription=\"slide\" aria-label=\"slide-8668\" data-date=\"2023-02-15 19:42:13\"><a href=\"https:\/\/lama.fileli.unipi.it\/21-febbraio-2023-filippo-lepori-tra-riti-e-formule-iterazione-variazione-formulare-e-azioni-rituali-nei-poemi-omerici\/\" target=\"_self\" class=\"metaslider_image_link\"><img loading=\"lazy\" decoding=\"async\" src=\"https:\/\/lama.fileli.unipi.it\/wp-content\/uploads\/2023\/02\/image001-650x250.png\" height=\"250\" width=\"650\" alt=\"\" class=\"slider-5988 slide-8668\" title=\"image001\" \/><\/a><div class=\"caption-wrap\"><div class=\"caption\"><div>21 febbraio 2023, Filippo Lepori: Tra riti e formule. Iterazione, variazione formulare e azioni rituali nei poemi omerici.<\/div><\/div><\/div><\/li>\n                <li style=\"display: none; width: 100%;\" class=\"slide-8650 ms-image \" aria-roledescription=\"slide\" aria-label=\"slide-8650\" data-date=\"2023-01-18 22:57:40\"><a href=\"https:\/\/lama.fileli.unipi.it\/wp-admin\/post-new.php\" target=\"_self\" class=\"metaslider_image_link\"><img loading=\"lazy\" decoding=\"async\" src=\"https:\/\/lama.fileli.unipi.it\/wp-content\/uploads\/2023\/01\/Cecrope-Atena-650x250.jpg\" height=\"250\" width=\"650\" alt=\"\" class=\"slider-5988 slide-8650\" title=\"Cecrope Atena\" \/><\/a><div class=\"caption-wrap\"><div class=\"caption\"><div>Sonny Wyburgh- Prerogative genealogiche: i percorsi della sovranit\u00e0 nello Ione\u00a0euripideo<\/div><\/div><\/div><\/li>\n                <li style=\"display: none; width: 100%;\" class=\"slide-8630 ms-image \" aria-roledescription=\"slide\" aria-label=\"slide-8630\" data-date=\"2022-12-13 10:47:04\"><a href=\"https:\/\/lama.fileli.unipi.it\/19-dicembre-2022-stefano-de-matteis-la-stanchezza-di-atlante-ovvero-fantasmi-di-ernesto-de-martino\/\" target=\"_self\" class=\"metaslider_image_link\"><img loading=\"lazy\" decoding=\"async\" src=\"https:\/\/lama.fileli.unipi.it\/wp-content\/uploads\/2022\/12\/EDM-650x250.jpg\" height=\"250\" width=\"650\" alt=\"\" class=\"slider-5988 slide-8630\" title=\"EDM\" \/><\/a><div class=\"caption-wrap\"><div class=\"caption\"><div>19 dicembre 2022, Stefano De Matteis: La stanchezza di Atlante ovvero fantasmi di Ernesto de Martino<\/div><\/div><\/div><\/li>\n                <li style=\"display: none; width: 100%;\" class=\"slide-8620 ms-image \" aria-roledescription=\"slide\" aria-label=\"slide-8620\" data-date=\"2022-11-20 15:01:59\"><a href=\"https:\/\/lama.fileli.unipi.it\/23-novembre-2022-alain-schnapp-per-una-storia-delle-rovine\/\" target=\"_self\" class=\"metaslider_image_link\"><img loading=\"lazy\" decoding=\"async\" src=\"https:\/\/lama.fileli.unipi.it\/wp-content\/uploads\/2022\/11\/Une-Histoire-universelle-des-ruines-650x250.jpg\" height=\"250\" width=\"650\" alt=\"\" class=\"slider-5988 slide-8620\" title=\"Une Histoire universelle des ruines\" \/><\/a><div class=\"caption-wrap\"><div class=\"caption\"><div>23 novembre 2022, Alain Schnapp: Per una storia delle rovine<\/div><\/div><\/div><\/li>\n                <li style=\"display: none; width: 100%;\" class=\"slide-8614 ms-image \" aria-roledescription=\"slide\" aria-label=\"slide-8614\" data-date=\"2022-11-12 10:40:15\"><a href=\"https:\/\/lama.fileli.unipi.it\/17-18-novembre-2022-mas-alla-de-paris-la-antropologia-historica-del-mundo-antiguo-en-italia-santiago-de-compostela\/\" target=\"_self\" class=\"metaslider_image_link\"><img loading=\"lazy\" decoding=\"async\" src=\"https:\/\/lama.fileli.unipi.it\/wp-content\/uploads\/2022\/11\/convegno-santiago-650x250.jpg\" height=\"250\" width=\"650\" alt=\"\" class=\"slider-5988 slide-8614\" title=\"convegno santiago\" \/><\/a><div class=\"caption-wrap\"><div class=\"caption\"><div>17-18 novembre 2022: M\u00e1s all\u00e1 de Par\u00eds. La antropolog\u00eda hist\u00f3rica del mundo antiguo en Italia (Santiago de Compostela)<\/div><\/div><\/div><\/li>\n                <li style=\"display: none; width: 100%;\" class=\"slide-8603 ms-image \" aria-roledescription=\"slide\" aria-label=\"slide-8603\" data-date=\"2022-10-20 15:51:53\"><a href=\"https:\/\/lama.fileli.unipi.it\/riccardo-di-donato-per-unantropologia-delle-immagini-le-citta-di-francois-lissarrague\/\" target=\"_self\" class=\"metaslider_image_link\"><img loading=\"lazy\" decoding=\"async\" src=\"https:\/\/lama.fileli.unipi.it\/wp-content\/uploads\/2022\/10\/Lissarague-650x250.jpg\" height=\"250\" width=\"650\" alt=\"\" class=\"slider-5988 slide-8603\" title=\"26 ottobre 2022, Riccardo Di Donato: Per un&#039;antropologia delle immagini. Le citt\u00e0 di Fran\u00e7ois Lissarrague\" \/><\/a><div class=\"caption-wrap\"><div class=\"caption\"><div>26 ottobre 2022, Riccardo Di Donato: Per un'antropologia delle immagini. Le citt\u00e0 di Fran\u00e7ois Lissarrague<\/div><\/div><\/div><\/li>\n            <\/ul>\n        <\/div>\n        \n    <\/div>\n<\/div>\n<p>This website has been conceived as a means of communication concerning the activities of the Laboratorio di Antropologia del Mondo Antico, directed by Riccardo Di Donato and composed of undergraduate and graduate students in Greek Literature and Anthropology of the Ancient World at the University of Pisa.<\/p>\n<p>The group\u2019s research interests lie in ancient Greek civilization of the Archaic and Classical periods. Thanks to the digitalization of the <em>Archives<\/em> <em>Louis Gernet<\/em> and <em>Jean-Pierre Vernant<\/em>, our website gives all those interested the chance to freely browse these documents, which include both published and unpublished material.<\/p>\n<p>&nbsp;<\/p>\n","protected":false},"excerpt":{"rendered":"<p>This website has been conceived as a means of communication concerning the activities of the Laboratorio di Antropologia del Mondo Antico, directed by Riccardo Di&#46;&#46;&#46;<\/p>\n","protected":false},"author":1,"featured_media":0,"parent":0,"menu_order":0,"comment_status":"closed","ping_status":"closed","template":"","meta":{"footnotes":""},"class_list":["post-86","page","type-page","status-publish","hentry"],"translation":{"provider":"WPGlobus","version":"3.0.0","language":"en","enabled_languages":["it","en","fr"],"languages":{"it":{"title":true,"content":true,"excerpt":false},"en":{"title":true,"content":true,"excerpt":false},"fr":{"title":true,"content":true,"excerpt":false}}},"_links":{"self":[{"href":"https:\/\/lama.fileli.unipi.it\/en\/wp-json\/wp\/v2\/pages\/86","targetHints":{"allow":["GET"]}}],"collection":[{"href":"https:\/\/lama.fileli.unipi.it\/en\/wp-json\/wp\/v2\/pages"}],"about":[{"href":"https:\/\/lama.fileli.unipi.it\/en\/wp-json\/wp\/v2\/types\/page"}],"author":[{"embeddable":true,"href":"https:\/\/lama.fileli.unipi.it\/en\/wp-json\/wp\/v2\/users\/1"}],"replies":[{"embeddable":true,"href":"https:\/\/lama.fileli.unipi.it\/en\/wp-json\/wp\/v2\/comments?post=86"}],"version-history":[{"count":150,"href":"https:\/\/lama.fileli.unipi.it\/en\/wp-json\/wp\/v2\/pages\/86\/revisions"}],"predecessor-version":[{"id":9172,"href":"https:\/\/lama.fileli.unipi.it\/en\/wp-json\/wp\/v2\/pages\/86\/revisions\/9172"}],"wp:attachment":[{"href":"https:\/\/lama.fileli.unipi.it\/en\/wp-json\/wp\/v2\/media?parent=86"}],"curies":[{"name":"wp","href":"https:\/\/api.w.org\/{rel}","templated":true}]}}