{"id":149,"date":"2012-06-04T18:10:20","date_gmt":"2012-06-04T18:10:20","guid":{"rendered":"http:\/\/lama.fileli.unipi.it\/?page_id=149&#038;lang=it"},"modified":"2018-11-26T16:23:07","modified_gmt":"2018-11-26T15:23:07","slug":"il-laboratorio","status":"publish","type":"page","link":"https:\/\/lama.fileli.unipi.it\/fr\/il-laboratorio\/","title":{"rendered":"Laboratoire"},"content":{"rendered":"<p style=\"text-align: justify;\">Fond\u00e9 en 2001 par Riccardo Di Donato, comme partie int\u00e9grante de l\u2019enseignement d\u2019Anthropologie du Monde Ancien, le Laboratoire poursuit les exp\u00e9riences pr\u00e9c\u00e9dentes des s\u00e9minaires hebdomadaires qu\u2019il a dirig\u00e9s, dans le cadre conjoint des cours d\u2019Histoire de la Langue Grecque et Anthropologie du Monde Ancien, dans les ann\u00e9es 1984-2001. Ces s\u00e9minaires \u00e9taient sp\u00e9cifiquement d\u00e9di\u00e9s \u00e0 l\u2019\u00e9tude de th\u00e8mes anthropologiques dans des trag\u00e9dies particuli\u00e8res.<\/p>\n<p style=\"text-align: justify;\">\u00c0 l\u2019int\u00e9rieur du Laboratoire ont \u00e9t\u00e9 d\u00e9velopp\u00e9s les projets qui ont poursuivi le travail entrepris sur les papiers de Louis Gernet d\u2019abord et, plus r\u00e9cemment, sur les papiers de J.-P. Vernant. Ces projets ont abouti \u00e0 la constitution, agencement et classification des Archives Louis Gernet (ALG) et des Archives Jean-Pierre Vernant (AJPV).<\/p>\n<p style=\"text-align: justify;\">Un tel travail \u00e0 \u00e9t\u00e9 la base de d\u00e9part d\u2019entreprises scientifiques et \u00e9ditoriales, telles, par exemple, l\u2019organisation, en 2004, d\u2019un colloque, <em>Polivalenza delle immagini\u00a0: esempi omerici<\/em>, et la publications des textes in\u00e9dits de Gernet sur la l\u00e9gende grecque en <em>Polyvalence des images. Testi e frammenti sulla leggenda greca<\/em> (Pisa 2004). Ce volume a inaugur\u00e9, aupr\u00e8s de la maison d\u2019\u00e9dition ETS, la collection <em>Anthropoi<\/em>, qui r\u00e9unit des \u00e9tudes et mat\u00e9riaux d\u2019Anthropologie Historique du Monde Ancien.<\/p>\n<p style=\"text-align: justify;\">Dans le cadre des activit\u00e9s du Laboratoire, ont \u00e9t\u00e9 r\u00e9alis\u00e9es la num\u00e9risation et publication en ligne du patrimoine des papiers contenus dans les archives des deux savants fran\u00e7ais\u00a0; l\u2019objectif \u00e9tait d\u2019en rendre possible une pleine et compl\u00e8te consultation de la part de la communaut\u00e9 scientifique. L\u2019\u00e9tude constante de th\u00e9matiques historico-anthropologiques particuli\u00e8res, \u00e9tude men\u00e9e \u00e0 plusieurs et diff\u00e9rents niveaux par les membres du groupe, trouve sa base de d\u00e9part dans la lecture directe des sources anciennes. Le but est de reconstruire la relation entre des formes de la pens\u00e9e, des formes de l\u2019expression et des formes de soci\u00e9t\u00e9 dans leur objectivation r\u00e9ciproque \u00e0 l\u2019int\u00e9rieur des \u0153uvres des Grecs d\u2019\u00e2ge archa\u00efque et classique.<\/p>\n<p style=\"text-align: justify;\">Au Laboratoire participent des licenci\u00e9s, doctorants et docteurs de recherche en Litt\u00e9rature Grecque et Anthropologie du Monde Ancien. Auparavant encadr\u00e9 dans la Facult\u00e9 des Lettres et Philosophie, depuis septembre 2012 il fait partie du D\u00e9partement de Philologie Litt\u00e9rature Linguistique.<\/p>\n<p style=\"text-align: justify;\">Pour des approfondissements concernant les parcours intellectuels qui ont men\u00e9 \u00e0 la naissance de l\u2019anthropologie du monde ancien et \u00e0 la d\u00e9finition de son statut \u00e9pist\u00e9mologique, ainsi que les d\u00e9veloppements les plus r\u00e9cents de la discipline, on verra\u00a0:<\/p>\n<ul>\n<li style=\"text-align: justify;\">Di Donato, <em>Per una antropologia storica del mondo antico<\/em>, La Nuova Italia, Firenze 1990.<\/li>\n<li style=\"text-align: justify;\">Di Donato, <em>Per una storia culturale dell\u2019antico<\/em>, ETS, Pisa 2013.<\/li>\n<\/ul>\n","protected":false},"excerpt":{"rendered":"<p>Storia del laboratorio, membri e calendario delle attivit\u00e0<\/p>\n","protected":false},"author":1,"featured_media":0,"parent":0,"menu_order":0,"comment_status":"closed","ping_status":"closed","template":"","meta":{"footnotes":""},"class_list":["post-149","page","type-page","status-publish","hentry"],"translation":{"provider":"WPGlobus","version":"3.0.0","language":"fr","enabled_languages":["it","en","fr"],"languages":{"it":{"title":true,"content":true,"excerpt":true},"en":{"title":true,"content":true,"excerpt":false},"fr":{"title":true,"content":true,"excerpt":false}}},"_links":{"self":[{"href":"https:\/\/lama.fileli.unipi.it\/fr\/wp-json\/wp\/v2\/pages\/149","targetHints":{"allow":["GET"]}}],"collection":[{"href":"https:\/\/lama.fileli.unipi.it\/fr\/wp-json\/wp\/v2\/pages"}],"about":[{"href":"https:\/\/lama.fileli.unipi.it\/fr\/wp-json\/wp\/v2\/types\/page"}],"author":[{"embeddable":true,"href":"https:\/\/lama.fileli.unipi.it\/fr\/wp-json\/wp\/v2\/users\/1"}],"replies":[{"embeddable":true,"href":"https:\/\/lama.fileli.unipi.it\/fr\/wp-json\/wp\/v2\/comments?post=149"}],"version-history":[{"count":53,"href":"https:\/\/lama.fileli.unipi.it\/fr\/wp-json\/wp\/v2\/pages\/149\/revisions"}],"predecessor-version":[{"id":8950,"href":"https:\/\/lama.fileli.unipi.it\/fr\/wp-json\/wp\/v2\/pages\/149\/revisions\/8950"}],"wp:attachment":[{"href":"https:\/\/lama.fileli.unipi.it\/fr\/wp-json\/wp\/v2\/media?parent=149"}],"curies":[{"name":"wp","href":"https:\/\/api.w.org\/{rel}","templated":true}]}}