{"id":2814,"date":"2014-02-13T09:17:26","date_gmt":"2014-02-13T09:17:26","guid":{"rendered":"http:\/\/lama.fileli.unipi.it\/?page_id=2814"},"modified":"2016-10-25T15:13:49","modified_gmt":"2016-10-25T15:13:49","slug":"multimedia","status":"publish","type":"page","link":"https:\/\/lama.fileli.unipi.it\/fr\/multimedia\/","title":{"rendered":"Multimedia"},"content":{"rendered":"<p><!--StartFragment--><!-- Beginning of Link Library Output --><div id='linklist2' class='linklist'><!-- Div Linklist -->\n<div class=\"LinkLibraryCat LinkLibraryCat220 level0\"><!-- Div Category --><div id=\"multimedia\"><!-- Div Category Name --><div class=\"linklistcatname\"><!-- Div Cat Name --><span class=\"linklistcatclass\">Multimedia<\/span><\/div><!-- DivOrHeader --><\/div><!-- Div Category Name -->\n\t<ul>\n<li><a href=\"http:\/\/www.canal-u.tv\/video\/ehess\/jean_pierre_vernant_de_la_resistance_a_la_grece_ancienne.13765\" id=\"link-5657\" class=\"track_this_link \" rel=\"noopener noreferrer\">De la R\u00e9sistance \u00e0 la Gr\u00e8ce ancienne<\/a>\nIntervista su Jean-Pierre Vernant con F. Hartog e F. Lissarrague<\/li>\n<li><a href=\"http:\/\/cral.ehess.fr\/index.php?1822\" id=\"link-5665\" class=\"track_this_link  featured\" rel=\"noopener noreferrer\">Genres, g\u00e9n\u00e9ricit\u00e9 et pragmatique discursive: la trag\u00e9die grecque et le tragique<\/a>\nLezione di Claude Calame presso l&#039;EHESS<\/li>\n<li><a href=\"http:\/\/www.labex-arts-h2h.fr\/fr\/la-guerre-en-performance-dans-la-853.html\" id=\"link-5666\" class=\"track_this_link \" rel=\"noopener noreferrer\">La guerre en performance dans la cr\u00e9ation litt\u00e9raire<\/a>\nPagina web da cui \u00e8 possibile visualizzare i filmati delle relazioni presentate al convegno sul tema dedicato a N. Loraux.<\/li>\n<li><a href=\"http:\/\/www.rts.ch\/archives\/dossiers\/3478335-les-grands-entretiens-avec-jean-pierre-vernant.html\" id=\"link-5658\" class=\"track_this_link \" rel=\"noopener noreferrer\">La mythologie, \u00e0 quoi \u00e7a sert?<\/a>\nCiclo di lezioni di Jean-Pierre Vernant<\/li>\n<li><a href=\"http:\/\/www.rts.ch\/archives\/tv\/culture\/grands-entretiens\/3459993-un-homme-engage.html\" id=\"link-5659\" class=\"track_this_link \" rel=\"noopener noreferrer\">Un homme engag\u00e9<\/a>\nIntervista a Jean-Pierre Vernant sul suo impegno da attivista nella Resistenza francese<\/li>\n\t<\/ul>\n<\/div><!-- Div End Category -->\n<script type='text\/javascript'>\njQuery(document).ready(function()\n{\njQuery('.arrow-up').hide();\njQuery('#linklist2 a.track_this_link').click(function() {\nlinkid = this.id;\nlinkid = linkid.substring(5);\npath = '';\njQuery.ajax( {    type: 'POST',    url: 'https:\/\/lama.fileli.unipi.it\/wp-admin\/admin-ajax.php',     data: { action: 'link_library_tracker',             _ajax_nonce: 'c315fda4ee',             id:linkid, xpath:path }     });\nreturn true;\n});\njQuery('#linklist2 .expandlinks').click(function() {\ntarget = '.' + jQuery(this).attr('id');\nsubcattarget = '.' + jQuery(this).attr('data-subcat');\nif ( jQuery( target ).is(':visible') ) {\njQuery(target).slideUp();\njQuery(subcattarget).slideToggle();\njQuery(this).children('img').attr('src', 'https:\/\/lama.fileli.unipi.it\/wp-content\/plugins\/link-library\/icons\/expand-32.png');\n} else {\njQuery(target).slideDown();\njQuery(subcattarget).slideToggle();\njQuery(this).children('img').attr('src', 'https:\/\/lama.fileli.unipi.it\/wp-content\/plugins\/link-library\/icons\/collapse-32.png');\n}\n});\njQuery('#linklist2 .linklistcatclass').click(function() {\njQuery(this).siblings('.expandlinks').click();\n});\njQuery('#linklist2 .linklistcatnamedesc').click(function() {\njQuery(this).siblings('.expandlinks').click();\n});\n});\n<\/script>\n<\/div><!-- Div Linklist -->\n<!-- End of Link Library Output -->\n\n\u00a0<i>\u00a0<\/i><\/p>\n<p><a href=\"http:\/\/lama.fileli.unipi.it\/?page_id=3776\">Lundi de l&#8217;Histoire: Louis Gernet<\/a><\/p>\n<p><a href=\"http:\/\/lama.fileli.unipi.it\/?page_id=4361\">\u201cLa contraddizione felice? Ernesto de Martino e gli altri\u201d<\/a><\/p>\n<p><!--EndFragment--><\/p>\n","protected":false},"excerpt":{"rendered":"<p>\u00a0\u00a0 Lundi de l&#8217;Histoire: Louis Gernet \u201cLa contraddizione felice? Ernesto de Martino e gli altri\u201d<\/p>\n","protected":false},"author":10,"featured_media":0,"parent":0,"menu_order":0,"comment_status":"closed","ping_status":"open","template":"","meta":{"footnotes":""},"class_list":["post-2814","page","type-page","status-publish","hentry"],"translation":{"provider":"WPGlobus","version":"3.0.0","language":"fr","enabled_languages":["it","en","fr"],"languages":{"it":{"title":true,"content":true,"excerpt":false},"en":{"title":false,"content":true,"excerpt":false},"fr":{"title":false,"content":true,"excerpt":false}}},"_links":{"self":[{"href":"https:\/\/lama.fileli.unipi.it\/fr\/wp-json\/wp\/v2\/pages\/2814","targetHints":{"allow":["GET"]}}],"collection":[{"href":"https:\/\/lama.fileli.unipi.it\/fr\/wp-json\/wp\/v2\/pages"}],"about":[{"href":"https:\/\/lama.fileli.unipi.it\/fr\/wp-json\/wp\/v2\/types\/page"}],"author":[{"embeddable":true,"href":"https:\/\/lama.fileli.unipi.it\/fr\/wp-json\/wp\/v2\/users\/10"}],"replies":[{"embeddable":true,"href":"https:\/\/lama.fileli.unipi.it\/fr\/wp-json\/wp\/v2\/comments?post=2814"}],"version-history":[{"count":27,"href":"https:\/\/lama.fileli.unipi.it\/fr\/wp-json\/wp\/v2\/pages\/2814\/revisions"}],"predecessor-version":[{"id":8168,"href":"https:\/\/lama.fileli.unipi.it\/fr\/wp-json\/wp\/v2\/pages\/2814\/revisions\/8168"}],"wp:attachment":[{"href":"https:\/\/lama.fileli.unipi.it\/fr\/wp-json\/wp\/v2\/media?parent=2814"}],"curies":[{"name":"wp","href":"https:\/\/api.w.org\/{rel}","templated":true}]}}